{"id":6538,"date":"2023-03-22T14:52:23","date_gmt":"2023-03-22T12:52:23","guid":{"rendered":"https:\/\/www.bavarian-bassdays.com\/teachers\/dozenten-2023\/"},"modified":"2023-09-15T11:56:33","modified_gmt":"2023-09-15T09:56:33","slug":"teachers-2023","status":"publish","type":"page","link":"https:\/\/www.bavarian-bassdays.com\/en\/teachers\/teachers-2023\/","title":{"rendered":"Teachers 2023"},"content":{"rendered":"\n\t<section class=\"section\" id=\"section_1447644223\">\n\t\t<div class=\"section-bg fill\" >\n\t\t\t\t\t\t\t\t\t\n\t\t\t\n\n\t\t<\/div>\n\n\t\t\n\n\t\t<div class=\"section-content relative\">\n\t\t\t\n<div class=\"row\"  id=\"row-1407440829\">\n\n\t<div id=\"col-580608366\" class=\"col medium-3 small-12 large-3\"  >\n\t\t\t\t<div class=\"col-inner\"  >\n\t\t\t\n\t\t\t\n    <div class=\"box has-hover has-hover box-text-bottom\" >\n\n                  <div class=\"box-image \" style=\"width:80%;\">\n           <div class=\"box-image-inner image-cover\" style=\"border-radius:100%;padding-top:100%;\">\n              <img loading=\"lazy\" decoding=\"async\" width=\"1444\" height=\"964\" src=\"https:\/\/www.bavarian-bassdays.com\/wp-content\/uploads\/2023\/03\/renaud-garcia-fonds.jpg\" class=\"attachment- size-\" alt=\"\" srcset=\"https:\/\/www.bavarian-bassdays.com\/wp-content\/uploads\/2023\/03\/renaud-garcia-fonds.jpg 1444w, https:\/\/www.bavarian-bassdays.com\/wp-content\/uploads\/2023\/03\/renaud-garcia-fonds-300x200.jpg 300w, https:\/\/www.bavarian-bassdays.com\/wp-content\/uploads\/2023\/03\/renaud-garcia-fonds-1024x684.jpg 1024w, https:\/\/www.bavarian-bassdays.com\/wp-content\/uploads\/2023\/03\/renaud-garcia-fonds-768x513.jpg 768w\" sizes=\"auto, (max-width: 1444px) 100vw, 1444px\" \/>                         <\/div>\n          <\/div>\n         \n          <div class=\"box-text text-center\" >\n                <div class=\"box-text-inner\">\n                  <h4 class=\"uppercase\">\n                    <span class=\"person-name\">Renaud Garcia-Fons<\/span><br\/>\n                    <span class=\"person-title is-small thin-font op-7\">\n                                          <\/span>\n                  <\/h4>\n\t\t\t\t\t\n                <\/div>\n          <\/div>\n    <\/div>\n\n\t\n    \n\t\t<\/div>\n\t\t\t\t\t<\/div>\n\n\t\n\n\t<div id=\"col-1194981575\" class=\"col medium-8 small-12 large-8\"  >\n\t\t\t\t<div class=\"col-inner\"  >\n\t\t\t\n\t\t\t\n<p><strong>Renaud Garcia-Fons: Double bass player and composer with a unique career between jazz, classical and world music.<\/strong><\/p>\n<p>The virtuoso soloist is considered one of the absolute pioneers in the world of the double bass. His bowing, innovative mastery of spiccato and his custom-designed five-string double bass (instead of the usual four) have earned him worldwide acclaim. After several years of classical guitar lessons, the musician, born in 1962, fell in love with the double bass and completed classical training, which he deepened until the age of 21 with Fran\u00e7ois Rabbath, a master of the instrument, among others. At the time, he was unanimously awarded the City of Paris Prize for Classical Double Bass and a state diploma as a double bass teacher.<\/p>\n<p>In the years that followed, Renaud Garcia-Fons refined his game; his approach to the instrument became more eclectic, and through the fusion of eastern and western influences he found the balance that characterizes his very own style.<\/p>\n<p>His career has been marked by albums celebrated by both the world of jazz and world music (including Oriental Bass 1997, Linea Del Sur 2010, M\u00e9diterran\u00e9es 2012 or Farangi with Claire Antonini on lute and theorbo, 2019), as well as one Variety of musical collaborations. The ensemble of trumpeter Roger Gu\u00e9rin, later the double bass orchestra or the Orchester National de Jazz are just as much part of it as his collaborations with Nguy\u00ean L\u00ea, Sylvain Luc, Paquito d&#8217;Rivera, Michel Portal and Didier Lockwood. An avid flamenco fan, he has also performed with David Pe\u00f1a Dorantes, Esperanza Fern\u00e1ndez, Gerardo N\u00fa\u00f1ez and Carmen Linares.<\/p>\n<p>However, he is not only known as a virtual soloist, but also as a respected composer, in particular through his works for film, television, incidental music, radio theme tunes such as for the program Les racines du ciel and numerous pieces for various formations, from string quartet to symphony orchestra . In 2010 he was asked by the Kurt Weill Festival in Dessau to write a new live soundtrack for Lotte Reiniger&#8217;s famous German animation film The Adventures of Prince Achmed.<\/p>\n<p>Renaud Garcia-Fons works regularly with the renowned Domaine Forget Academy in Canada, holding various master classes there to pass on his vision of the double bass.<\/p>\n<p>He has received numerous awards and prizes, including the prize of the International Society of Bassists (2009), the Echo &#8211; Deutscher Musikpreis Jazz (2010 and 2012) and the Giraldillo de Oro of the Flamenco Biennale Sevilla, which was awarded to a double bass player for the first time in 2012 was awarded.<\/p>\n<p>In 2014, Renaud Garcia-Fons received the Best Original Score award for Marion Sarraut&#8217;s film Premier \u00e9t\u00e9 at the Festival de Luchon des cr\u00e9ations t\u00e9l\u00e9visuelles. In 2017 he won the BMW Welt Jazz Award and the audience award with his trio La vie devant soi with David Venitucci and Stephan Caracci.<\/p>\n<p>His new work Le souffle des cordes, dedicated to the world&#8217;s stringed instruments, was released in autumn 2021. In the same year he was awarded the Grand Prix du Jazz SACEM.<\/p>\n\t\t<\/div>\n\t\t\t\t\t<\/div>\n\n\t\n<\/div>\n<div class=\"text-center\"><div class=\"is-divider divider clearfix\" style=\"margin-top:2.0em;margin-bottom:2.0em;max-width:300px;height:1px;\"><\/div><\/div>\n<div class=\"row\"  id=\"row-1208149848\">\n\n\t<div id=\"col-511692380\" class=\"col medium-3 small-12 large-3\"  >\n\t\t\t\t<div class=\"col-inner\"  >\n\t\t\t\n\t\t\t\n    <div class=\"box has-hover has-hover box-text-bottom\" >\n\n                  <div class=\"box-image \" style=\"width:80%;\">\n           <div class=\"box-image-inner image-cover\" style=\"border-radius:100%;padding-top:100%;\">\n              <img loading=\"lazy\" decoding=\"async\" width=\"600\" height=\"800\" src=\"https:\/\/www.bavarian-bassdays.com\/wp-content\/uploads\/2016\/04\/Foto-Hesse_F-D10203-02.png\" class=\"attachment- size-\" alt=\"\" srcset=\"https:\/\/www.bavarian-bassdays.com\/wp-content\/uploads\/2016\/04\/Foto-Hesse_F-D10203-02.png 600w, https:\/\/www.bavarian-bassdays.com\/wp-content\/uploads\/2016\/04\/Foto-Hesse_F-D10203-02-225x300.png 225w\" sizes=\"auto, (max-width: 600px) 100vw, 600px\" \/>                         <\/div>\n          <\/div>\n         \n          <div class=\"box-text text-center\" >\n                <div class=\"box-text-inner\">\n                  <h4 class=\"uppercase\">\n                    <span class=\"person-name\">Dorin Marc<\/span><br\/>\n                    <span class=\"person-title is-small thin-font op-7\">\n                                          <\/span>\n                  <\/h4>\n\t\t\t\t\t\n                <\/div>\n          <\/div>\n    <\/div>\n\n\t\n    \n\t\t<\/div>\n\t\t\t\t\t<\/div>\n\n\t\n\n\t<div id=\"col-689068320\" class=\"col medium-8 small-12 large-8\"  >\n\t\t\t\t<div class=\"col-inner\"  >\n\t\t\t\n\t\t\t\n<p><strong>Dorin Marc<\/strong> is professor emeritus for double bass at the Nuremberg University of Music.<br \/>\nHe completed his double bass studies in his home country of Romania at the University of Music in Bucharest with Prof. Ion Cheptea.<br \/>\nIn addition to his first engagement with the Philharmonie &#8220;Transylvania&#8221; Klausenburg, he was solo double bass player in the Orchestra Internationale d&#8217;Italia. From 1992-2003 he was solo double bass player with the Munich Philharmonic and from 1998 he was also a lecturer at the Nuremberg University of Music. In 2003, Dorin Marc was appointed professor at the Nuremberg University of Music.<br \/>\nDorin Marc has received numerous prizes both in his home country and internationally, including the special prize of the jury in 1979 and second prize at the ARD competition in Munich in 1985, third prize in 1979 and first prize in 1981 at the International Double Bass Competition in Markneukirchen, and the silver medal in 1983 and the &#8220;Fr. Liebstoeckl\u201d prize at the Geneva Music Competition and, in 1991, first prize at the International Society of Bassists competition in Mittenwald.<br \/>\nDorin Marc gave concerts all over Europe and gave numerous master classes.<br \/>\nHis students are prizewinners at international double bass competitions such as the ARD Competition in Munich, the International Instrumental Competition in Markneukirchen, J.M. Sperger Competition and International Competition Brno (Czech Republic).<br \/>\nMany students received solo positions in renowned orchestras.<\/p>\n\t\t<\/div>\n\t\t\t\t\t<\/div>\n\n\t\n<\/div>\n<div class=\"text-center\"><div class=\"is-divider divider clearfix\" style=\"margin-top:2.0em;margin-bottom:2.0em;max-width:300px;height:1px;\"><\/div><\/div>\n<div class=\"row\"  id=\"row-1907790853\">\n\n\t<div id=\"col-587623702\" class=\"col medium-3 small-12 large-3\"  >\n\t\t\t\t<div class=\"col-inner\"  >\n\t\t\t\n\t\t\t\n    <div class=\"box has-hover has-hover box-text-bottom\" >\n\n                  <div class=\"box-image \" style=\"width:80%;\">\n           <div class=\"box-image-inner image-cover\" style=\"border-radius:100%;padding-top:100%;\">\n              <img loading=\"lazy\" decoding=\"async\" width=\"1000\" height=\"1368\" src=\"https:\/\/www.bavarian-bassdays.com\/wp-content\/uploads\/2023\/03\/IMG_5676.jpg\" class=\"attachment- size-\" alt=\"\" srcset=\"https:\/\/www.bavarian-bassdays.com\/wp-content\/uploads\/2023\/03\/IMG_5676.jpg 1000w, https:\/\/www.bavarian-bassdays.com\/wp-content\/uploads\/2023\/03\/IMG_5676-219x300.jpg 219w, https:\/\/www.bavarian-bassdays.com\/wp-content\/uploads\/2023\/03\/IMG_5676-749x1024.jpg 749w, https:\/\/www.bavarian-bassdays.com\/wp-content\/uploads\/2023\/03\/IMG_5676-768x1051.jpg 768w\" sizes=\"auto, (max-width: 1000px) 100vw, 1000px\" \/>                         <\/div>\n          <\/div>\n         \n          <div class=\"box-text text-center\" >\n                <div class=\"box-text-inner\">\n                  <h4 class=\"uppercase\">\n                    <span class=\"person-name\">Christine Hoock<\/span><br\/>\n                    <span class=\"person-title is-small thin-font op-7\">\n                                          <\/span>\n                  <\/h4>\n\t\t\t\t\t\n                <\/div>\n          <\/div>\n    <\/div>\n\n\t\n    \n\t\t<\/div>\n\t\t\t\t\t<\/div>\n\n\t\n\n\t<div id=\"col-583825128\" class=\"col medium-8 small-12 large-8\"  >\n\t\t\t\t<div class=\"col-inner\"  >\n\t\t\t\n\t\t\t\n<p><strong>Christine Hoock<\/strong> is professor for double bass at the &#8220;Mozarteum&#8221; University in Salzburg. As a celebrated double bass soloist and chamber musician, she delights audiences around the world in concert performances and master classes. Born in Mainz, she carries the fascinating possibilities of making music with the double bass as a soloist with what she considers a light ease and virtuosity in the concert halls.<\/p>\n<p><a href=\"https:\/\/www.christinehoock.de\/biography\/#1489161078401-29e71571-dd4c\">More<\/a><\/p>\n\t\t<\/div>\n\t\t\t\t\t<\/div>\n\n\t\n<\/div>\n<div class=\"text-center\"><div class=\"is-divider divider clearfix\" style=\"margin-top:2.0em;margin-bottom:2.0em;max-width:300px;height:1px;\"><\/div><\/div>\n<div class=\"row\"  id=\"row-1825429847\">\n\n\t<div id=\"col-589848764\" class=\"col medium-3 small-12 large-3\"  >\n\t\t\t\t<div class=\"col-inner\"  >\n\t\t\t\n\t\t\t\n    <div class=\"box has-hover has-hover box-text-bottom\" >\n\n                  <div class=\"box-image \" style=\"width:80%;\">\n           <div class=\"box-image-inner image-cover\" style=\"border-radius:100%;padding-top:100%;\">\n              <img loading=\"lazy\" decoding=\"async\" width=\"1440\" height=\"1552\" src=\"https:\/\/www.bavarian-bassdays.com\/wp-content\/uploads\/2022\/08\/basstage_raoul.jpg\" class=\"attachment- size-\" alt=\"\" srcset=\"https:\/\/www.bavarian-bassdays.com\/wp-content\/uploads\/2022\/08\/basstage_raoul.jpg 1440w, https:\/\/www.bavarian-bassdays.com\/wp-content\/uploads\/2022\/08\/basstage_raoul-278x300.jpg 278w, https:\/\/www.bavarian-bassdays.com\/wp-content\/uploads\/2022\/08\/basstage_raoul-950x1024.jpg 950w, https:\/\/www.bavarian-bassdays.com\/wp-content\/uploads\/2022\/08\/basstage_raoul-768x828.jpg 768w, https:\/\/www.bavarian-bassdays.com\/wp-content\/uploads\/2022\/08\/basstage_raoul-1425x1536.jpg 1425w\" sizes=\"auto, (max-width: 1440px) 100vw, 1440px\" \/>                         <\/div>\n          <\/div>\n         \n          <div class=\"box-text text-center\" >\n                <div class=\"box-text-inner\">\n                  <h4 class=\"uppercase\">\n                    <span class=\"person-name\">Raoul Walton<\/span><br\/>\n                    <span class=\"person-title is-small thin-font op-7\">\n                                          <\/span>\n                  <\/h4>\n\t\t\t\t\t\n                <\/div>\n          <\/div>\n    <\/div>\n\n\t\n    \n\t\t<\/div>\n\t\t\t\t\t<\/div>\n\n\t\n\n\t<div id=\"col-970334300\" class=\"col medium-8 small-12 large-8\"  >\n\t\t\t\t<div class=\"col-inner\"  >\n\t\t\t\n\t\t\t\n<p><strong>Raoul Walton<\/strong>,\u00a0 born in Manhattan, New York, is a musician, producer and composer. He started playing bass in art school, after which he switched his major from graphic design to bass guitar and studied with Marvin Tropolsky. His first European tour was with Swiss group KJOL, after which he joined the band and moved to Switzerland in 1982, which led to him meeting DAF&#8217;s Gabi Delgado, playing on his first solo LP and writing the single &#8220;Amour&#8221;.<\/p>\n<p>In 1983 Raoul moved to Germany after being offered a permanent position as studio bass player with producer Conny Plank.<\/p>\n<p>He has played on many hit records, including with artists such as Whoudini, La Dusseldorf, Rainbirds, Julian Dawson, Twelve Drummers Drumming and joined the Dusseldorf band Belfegore, with whom he toured the US along with Hanoi Rocks and as the opening act for U2 in Europe on the Unforgettable Fire Tour. Raoul joined the Marius-Muller Westernhagens Band in 1986 and recorded the albums Westernhagen, Hallelujah, Live and Ja Ja.<\/p>\n<p>In 1993 Raoul moved to Munich and worked at BMG as musical director for newly signed groups (Marc Sway). He became bass player for Heinz Rudolf Kunze, Roachford and Julia Neigel.<\/p>\n<p>Raoul continues to record, produce and teach in Munich, Germany.<\/p>\n\t\t<\/div>\n\t\t\t\t\t<\/div>\n\n\t\n<\/div>\n<div class=\"text-center\"><div class=\"is-divider divider clearfix\" style=\"margin-top:2.0em;margin-bottom:2.0em;max-width:300px;height:1px;\"><\/div><\/div>\n<p>&nbsp;<\/p>\n<div class=\"row\"  id=\"row-1289116422\">\n\n\t<div id=\"col-2070625990\" class=\"col medium-3 small-12 large-3\"  >\n\t\t\t\t<div class=\"col-inner\"  >\n\t\t\t\n\t\t\t\n    <div class=\"box has-hover has-hover box-text-bottom\" >\n\n                  <div class=\"box-image \" style=\"width:80%;\">\n           <div class=\"box-image-inner image-cover\" style=\"border-radius:100%;padding-top:100%;\">\n              <img loading=\"lazy\" decoding=\"async\" width=\"822\" height=\"1280\" src=\"https:\/\/www.bavarian-bassdays.com\/wp-content\/uploads\/2023\/05\/ellen-andrea-wang.jpg\" class=\"attachment- size-\" alt=\"\" srcset=\"https:\/\/www.bavarian-bassdays.com\/wp-content\/uploads\/2023\/05\/ellen-andrea-wang.jpg 822w, https:\/\/www.bavarian-bassdays.com\/wp-content\/uploads\/2023\/05\/ellen-andrea-wang-193x300.jpg 193w, https:\/\/www.bavarian-bassdays.com\/wp-content\/uploads\/2023\/05\/ellen-andrea-wang-658x1024.jpg 658w, https:\/\/www.bavarian-bassdays.com\/wp-content\/uploads\/2023\/05\/ellen-andrea-wang-768x1196.jpg 768w\" sizes=\"auto, (max-width: 822px) 100vw, 822px\" \/>                         <\/div>\n          <\/div>\n         \n          <div class=\"box-text text-center\" >\n                <div class=\"box-text-inner\">\n                  <h4 class=\"uppercase\">\n                    <span class=\"person-name\">Ellen Andrea Wang<\/span><br\/>\n                    <span class=\"person-title is-small thin-font op-7\">\n                                          <\/span>\n                  <\/h4>\n\t\t\t\t\t\n                <\/div>\n          <\/div>\n    <\/div>\n\n\t\n    \n\t\t<\/div>\n\t\t\t\t\t<\/div>\n\n\t\n\n\t<div id=\"col-409320019\" class=\"col medium-8 small-12 large-8\"  >\n\t\t\t\t<div class=\"col-inner\"  >\n\t\t\t\n\t\t\t\n<p>Born and raised in Norway, Bassist and singer <strong>Ellen Andrea Wang<\/strong> has been a powerful force in Jazz and beyond, distinguishing herself as a truly inventive artist that blends styles in unprecedented ways. From collaboration with Sting, Manu Katch\u00e9 and Marilyn Mazur, to performances at major Jazz Festivals all around the world, winning Norwegian grammy awards to her appearance with GURLS, to her own projects as Pixel and Ellen Andrea Wang \u00abCloseness\u00bb. Wang has consistently sought to tastefully blend Jazz and Pop in new ways. Her compositions and performance balance the lyrical with the rough, the acoustic with the electric, resulting in a unique modern sound.<\/p>\n<p>\u00abA commanding presence in any ensemble she plays in, her soft tone and vocal precision are always counterbalanced with heavy and assertive grooves from her double-bass, interlocking with drummers, jazz, pop and groove alike.\u00bb<br \/>\n<strong>The Guardian<\/strong><\/p>\n\t\t<\/div>\n\t\t\t\t\t<\/div>\n\n\t\n<\/div>\n<div class=\"text-center\"><div class=\"is-divider divider clearfix\" style=\"margin-top:2.0em;margin-bottom:2.0em;max-width:300px;height:1px;\"><\/div><\/div>\n<div class=\"row\"  id=\"row-1785781800\">\n\n\t<div id=\"col-243116400\" class=\"col medium-3 small-12 large-3\"  >\n\t\t\t\t<div class=\"col-inner\"  >\n\t\t\t\n\t\t\t\n    <div class=\"box has-hover has-hover box-text-bottom\" >\n\n                  <div class=\"box-image \" style=\"width:80%;\">\n           <div class=\"box-image-inner image-cover\" style=\"border-radius:100%;padding-top:100%;\">\n              <img loading=\"lazy\" decoding=\"async\" width=\"600\" height=\"622\" src=\"https:\/\/www.bavarian-bassdays.com\/wp-content\/uploads\/2023\/03\/Stubenrauch_Philipp.jpg\" class=\"attachment- size-\" alt=\"\" srcset=\"https:\/\/www.bavarian-bassdays.com\/wp-content\/uploads\/2023\/03\/Stubenrauch_Philipp.jpg 600w, https:\/\/www.bavarian-bassdays.com\/wp-content\/uploads\/2023\/03\/Stubenrauch_Philipp-289x300.jpg 289w\" sizes=\"auto, (max-width: 600px) 100vw, 600px\" \/>                         <\/div>\n          <\/div>\n         \n          <div class=\"box-text text-center\" >\n                <div class=\"box-text-inner\">\n                  <h4 class=\"uppercase\">\n                    <span class=\"person-name\">Philipp Stubenrauch<\/span><br\/>\n                    <span class=\"person-title is-small thin-font op-7\">\n                                          <\/span>\n                  <\/h4>\n\t\t\t\t\t\n                <\/div>\n          <\/div>\n    <\/div>\n\n\t\n    \n\t\t<\/div>\n\t\t\t\t\t<\/div>\n\n\t\n\n\t<div id=\"col-223648804\" class=\"col medium-8 small-12 large-8\"  >\n\t\t\t\t<div class=\"col-inner\"  >\n\t\t\t\n\t\t\t\n<p><strong>Philipp Stubenrauch holds the\u00a0position of the principal double bass player with the Bavarian Radio Symphony Orchestra.<\/strong><br \/>\nHe began playing the double bass at the age of 13 and shortly thereafter won the first federal prize for young musicians twice. After studying with G\u00fcnter Klaus and Franco Petracchi, at the age of 25 he became the first solo double bass player in the Bavarian Radio Symphony Orchestra. Under the direction of chief conductor Mariss Jansons, he performed, among other things, the double bass concerto by J. B. Vanhal. As a chamber musician he performed a.o. with Valery Afanassiev, Maria Jo\u00e3o Pires, Baiba Skride and Maximilian Hornung. In 2016, together with colleagues from the Munich Music Academy, he founded the Piazzolla ensemble ESCUALO5. Philipp is a lecturer at the Bavarian State Youth Orchestra, at the Schleswig-Holstein Music Festival and has already given master classes in Brazil, Spain, Tokyo and Beijing. Until 2022 he worked for more than ten years at the University of Music and Theater in Munich. He was invited to the Bavarian Bass Days several times as a soloist and lecturer.&#8221;(Bearbeitet)Original wiederherstellen<\/p>\n\t\t<\/div>\n\t\t\t\t\t<\/div>\n\n\t\n<\/div>\n<div class=\"text-center\"><div class=\"is-divider divider clearfix\" style=\"margin-top:2.0em;margin-bottom:2.0em;max-width:300px;height:1px;\"><\/div><\/div>\n<div class=\"row\"  id=\"row-529812361\">\n\n\t<div id=\"col-1780271707\" class=\"col medium-3 small-12 large-3\"  >\n\t\t\t\t<div class=\"col-inner\"  >\n\t\t\t\n\t\t\t\n    <div class=\"box has-hover has-hover box-text-bottom\" >\n\n                  <div class=\"box-image \" style=\"width:80%;\">\n           <div class=\"box-image-inner image-cover\" style=\"border-radius:100%;padding-top:100%;\">\n              <img loading=\"lazy\" decoding=\"async\" width=\"2300\" height=\"1535\" src=\"https:\/\/www.bavarian-bassdays.com\/wp-content\/uploads\/2016\/04\/B\u00fcttner_Elisabeth_035.jpg\" class=\"attachment- size-\" alt=\"\" srcset=\"https:\/\/www.bavarian-bassdays.com\/wp-content\/uploads\/2016\/04\/B\u00fcttner_Elisabeth_035.jpg 2300w, https:\/\/www.bavarian-bassdays.com\/wp-content\/uploads\/2016\/04\/B\u00fcttner_Elisabeth_035-300x200.jpg 300w, https:\/\/www.bavarian-bassdays.com\/wp-content\/uploads\/2016\/04\/B\u00fcttner_Elisabeth_035-768x513.jpg 768w, https:\/\/www.bavarian-bassdays.com\/wp-content\/uploads\/2016\/04\/B\u00fcttner_Elisabeth_035-1024x683.jpg 1024w, https:\/\/www.bavarian-bassdays.com\/wp-content\/uploads\/2016\/04\/B\u00fcttner_Elisabeth_035-624x416.jpg 624w\" sizes=\"auto, (max-width: 2300px) 100vw, 2300px\" \/>                         <\/div>\n          <\/div>\n         \n          <div class=\"box-text text-center\" >\n                <div class=\"box-text-inner\">\n                  <h4 class=\"uppercase\">\n                    <span class=\"person-name\">Elisabeth B\u00fcttner<\/span><br\/>\n                    <span class=\"person-title is-small thin-font op-7\">\n                                          <\/span>\n                  <\/h4>\n\t\t\t\t\t\n                <\/div>\n          <\/div>\n    <\/div>\n\n\t\n    \n\t\t<\/div>\n\t\t\t\t\t<\/div>\n\n\t\n\n\t<div id=\"col-1225560099\" class=\"col medium-8 small-12 large-8\"  >\n\t\t\t\t<div class=\"col-inner\"  >\n\t\t\t\n\t\t\t\n<p><strong>Elisabeth B\u00fcttner<\/strong> was a student of Claus Freudenstein and studied with Prof. Mathias Weber and Nina Valcheva in Stuttgart. She completed her university education at the ZHdK Zurich with Prof. Duncan McTier with a Master of Arts in Music Performance (Orchestra) and a Master of Arts in Music Pedagogy, which she completed in 2017 with distinction.<\/p>\n<p>As a musician, in addition to the modern orchestral repertoire, she lives her passion for chamber music and historical performance practice. As part of the Ensemble Academy of the Freiburg Baroque Orchestra and master classes in Stuttgart, she researched the use of gut strings with Love Persson. In Zurich she studied the violin with David Sinclair.<\/p>\n<p>Elisabeth Forster began her pedagogical training in Stuttgart with Song Choi, where she was employed as a tutor for double bass at the Stuttgart Music Academy. In Zurich, she supplemented her pedagogical training under the didactic supervision of Andreas Cincera. She has been teaching double bass since August 2014 and ear training since 2016 as part of the Canton of Thurgau\u2019s gifted education program at the music school in Weinfelden (TG).<\/p>\n<p>As a freelance double bass player, Elisabeth Forster performs regularly with Swiss orchestras and ensembles such as: Musikkollegium Winterthur, Camerata Bern, Swiss Orchestra, Bern Chamber Orchestra, Citylights Orchestra, Ensemble le buisson prosp\u00e9rant (Zurich\/Bern), Accademia Barocca Lucernensis and the Chamber Orchestra i tempi (Basel). .<\/p>\n\t\t<\/div>\n\t\t\t\t\t<\/div>\n\n\t\n<\/div>\n<div class=\"text-center\"><div class=\"is-divider divider clearfix\" style=\"margin-top:2.0em;margin-bottom:2.0em;max-width:300px;height:1px;\"><\/div><\/div>\n<div class=\"row\"  id=\"row-490443575\">\n\n\t<div id=\"col-1908354696\" class=\"col medium-3 small-12 large-3\"  >\n\t\t\t\t<div class=\"col-inner\"  >\n\t\t\t\n\t\t\t\n    <div class=\"box has-hover has-hover box-text-bottom\" >\n\n                  <div class=\"box-image \" style=\"width:80%;\">\n           <div class=\"box-image-inner image-cover\" style=\"border-radius:100%;padding-top:100%;\">\n              <img loading=\"lazy\" decoding=\"async\" width=\"1200\" height=\"1200\" src=\"https:\/\/www.bavarian-bassdays.com\/wp-content\/uploads\/2023\/09\/felix-leissner.jpg\" class=\"attachment- size-\" alt=\"\" srcset=\"https:\/\/www.bavarian-bassdays.com\/wp-content\/uploads\/2023\/09\/felix-leissner.jpg 1200w, https:\/\/www.bavarian-bassdays.com\/wp-content\/uploads\/2023\/09\/felix-leissner-300x300.jpg 300w, https:\/\/www.bavarian-bassdays.com\/wp-content\/uploads\/2023\/09\/felix-leissner-1024x1024.jpg 1024w, https:\/\/www.bavarian-bassdays.com\/wp-content\/uploads\/2023\/09\/felix-leissner-150x150.jpg 150w, https:\/\/www.bavarian-bassdays.com\/wp-content\/uploads\/2023\/09\/felix-leissner-768x768.jpg 768w\" sizes=\"auto, (max-width: 1200px) 100vw, 1200px\" \/>                         <\/div>\n          <\/div>\n         \n          <div class=\"box-text text-center\" >\n                <div class=\"box-text-inner\">\n                  <h4 class=\"uppercase\">\n                    <span class=\"person-name\">Felix Leissner<\/span><br\/>\n                    <span class=\"person-title is-small thin-font op-7\">\n                                          <\/span>\n                  <\/h4>\n\t\t\t\t\t\n                <\/div>\n          <\/div>\n    <\/div>\n\n\t\n    \n\t\t<\/div>\n\t\t\t\t\t<\/div>\n\n\t\n\n\t<div id=\"col-134061159\" class=\"col medium-8 small-12 large-8\"  >\n\t\t\t\t<div class=\"col-inner\"  >\n\t\t\t\n\t\t\t\n<p>Felix Leissner started his studies in 2018 at the Hochschule f\u00fcr Musik in Nurnberg, in the class of Prof. Dorin Marc. During his studies he has gained artistic experience by performing alongside professional and youth orchestras in Germany and Romania, performing recitals as a soloist and chamber musician and by part-taking in masterclasses and competitions. Among his professional accomplishments so far we find, for example, a prize at the Wettbewerb f\u00fcr Verfemte Musik Schwerin or being a recipient of the Studienstiftung des deutschen Volkes as well as his naming as 1. Principal Double bass of the Gewandhausorchester Leipzig in 2021.<\/p>\n\t\t<\/div>\n\t\t\t\t\t<\/div>\n\n\t\n<\/div>\n<div class=\"text-center\"><div class=\"is-divider divider clearfix\" style=\"margin-top:2.0em;margin-bottom:2.0em;max-width:300px;height:1px;\"><\/div><\/div>\n<div class=\"row\"  id=\"row-1546193734\">\n\n\t<div id=\"col-1293523262\" class=\"col medium-3 small-12 large-3\"  >\n\t\t\t\t<div class=\"col-inner\"  >\n\t\t\t\n\t\t\t\n    <div class=\"box has-hover has-hover box-text-bottom\" >\n\n                  <div class=\"box-image \" style=\"width:80%;\">\n           <div class=\"box-image-inner image-cover\" style=\"border-radius:100%;padding-top:100%;\">\n              <img loading=\"lazy\" decoding=\"async\" width=\"417\" height=\"512\" src=\"https:\/\/www.bavarian-bassdays.com\/wp-content\/uploads\/2016\/04\/Thomas-Hartmann-4.jpeg\" class=\"attachment- size-\" alt=\"\" srcset=\"https:\/\/www.bavarian-bassdays.com\/wp-content\/uploads\/2016\/04\/Thomas-Hartmann-4.jpeg 417w, https:\/\/www.bavarian-bassdays.com\/wp-content\/uploads\/2016\/04\/Thomas-Hartmann-4-244x300.jpeg 244w\" sizes=\"auto, (max-width: 417px) 100vw, 417px\" \/>                         <\/div>\n          <\/div>\n         \n          <div class=\"box-text text-center\" >\n                <div class=\"box-text-inner\">\n                  <h4 class=\"uppercase\">\n                    <span class=\"person-name\">Thomas Hartmann<\/span><br\/>\n                    <span class=\"person-title is-small thin-font op-7\">\n                                          <\/span>\n                  <\/h4>\n\t\t\t\t\t\n                <\/div>\n          <\/div>\n    <\/div>\n\n\t\n    \n\t\t<\/div>\n\t\t\t\t\t<\/div>\n\n\t\n\n\t<div id=\"col-554955100\" class=\"col medium-8 small-12 large-8\"  >\n\t\t\t\t<div class=\"col-inner\"  >\n\t\t\t\n\t\t\t\n<p><strong>Thomas Hartmann\u00a0<\/strong>began his studies at the Richard Strauss Conservatory in Munich in 1986 with Benedikt Koehlen (main subject piano) and Elmar Schloter (additional subject organ) and graduated in 1990 with the music maturity examination. This was followed by master classes with J\u00fcrgen Uhde, Ferenc Rhados (piano) and Christian Rieger (harpsichord), among others.<\/p>\n<p>In 2000 he was awarded the Carl Orff Medal by Liselotte Orff.<\/p>\n<p>As a chamber music pianist in various ensembles (Ensemble Amphion), as a sought-after duo partner and song accompanist, he is always an empathetic and stimulating musician.<\/p>\n<p>In recent years he has been increasingly involved in the performance practice of &#8220;early music&#8221; and playing historical instruments (harpsichord, clavichord).<\/p>\n<p>In the field of solo piano, he feels particularly committed to modern jazz-inspired classics and contemporary music (collaboration with Ambitus &#8211; group for new music).<\/p>\n<p>In addition to his work as a pianist, he also performs as an organist as a soloist and in chamber music ensembles.<\/p>\n<p>\u200bA large number of \u201cJugend-musiziert\u201d award winners, professional musicians and passionate amateur musicians resulted from his pedagogical work as a piano teacher at the music school in Traunreut and as a private teacher.<\/p>\n<p>\u200bHis comprehensive compositional oeuvre ranges from symphonic works (solo concerts), various chamber music ensembles (from duo to decetto) to jazz band compositions and music theater productions.<\/p>\n<p>His works are now performed at well-known festivals such as the Chiemgau Music Spring, the Traunstein Summer Concerts, the Upper Bavarian Culture Days and the Regensburg Jazz Weekend.<\/p>\n\t\t<\/div>\n\t\t\t\t\t<\/div>\n\n\t\n<\/div>\n\t\t<\/div>\n\n\t\t\n<style>\n#section_1447644223 {\n  padding-top: 30px;\n  padding-bottom: 30px;\n}\n<\/style>\n\t<\/section>\n\t\n","protected":false},"excerpt":{"rendered":"","protected":false},"author":2,"featured_media":0,"parent":2995,"menu_order":1,"comment_status":"closed","ping_status":"closed","template":"page-blank.php","meta":{"footnotes":""},"class_list":["post-6538","page","type-page","status-publish","hentry"],"yoast_head":"<!-- This site is optimized with the Yoast SEO plugin v27.5 - https:\/\/yoast.com\/product\/yoast-seo-wordpress\/ -->\n<title>Teachers 2023 - Bavarian Bassdays 31. Oktober bis 02. November 2026<\/title>\n<meta name=\"description\" content=\"Meisterkurse\" \/>\n<meta name=\"robots\" content=\"index, follow, max-snippet:-1, max-image-preview:large, max-video-preview:-1\" \/>\n<link rel=\"canonical\" href=\"https:\/\/www.bavarian-bassdays.com\/en\/teachers\/teachers-2023\/\" \/>\n<meta property=\"og:locale\" content=\"en_US\" \/>\n<meta property=\"og:type\" content=\"article\" \/>\n<meta property=\"og:title\" content=\"Teachers 2023 - Bavarian Bassdays 31. Oktober bis 02. November 2026\" \/>\n<meta property=\"og:description\" content=\"Meisterkurse\" \/>\n<meta property=\"og:url\" content=\"https:\/\/www.bavarian-bassdays.com\/en\/teachers\/teachers-2023\/\" \/>\n<meta property=\"og:site_name\" content=\"Bavarian Bassdays 31. Oktober bis 02. November 2026\" \/>\n<meta property=\"article:publisher\" content=\"https:\/\/www.facebook.com\/bavarianbassdays\" \/>\n<meta property=\"article:modified_time\" content=\"2023-09-15T09:56:33+00:00\" \/>\n<meta property=\"og:image\" content=\"https:\/\/www.bavarian-bassdays.com\/wp-content\/uploads\/2023\/05\/IMG_20221030_134044.jpg\" \/>\n\t<meta property=\"og:image:width\" content=\"1440\" \/>\n\t<meta property=\"og:image:height\" content=\"810\" \/>\n\t<meta property=\"og:image:type\" content=\"image\/jpeg\" \/>\n<meta name=\"twitter:card\" content=\"summary_large_image\" \/>\n<meta name=\"twitter:label1\" content=\"Est. reading time\" \/>\n\t<meta name=\"twitter:data1\" content=\"11 minutes\" \/>\n<script type=\"application\/ld+json\" class=\"yoast-schema-graph\">{\"@context\":\"https:\\\/\\\/schema.org\",\"@graph\":[{\"@type\":\"WebPage\",\"@id\":\"https:\\\/\\\/www.bavarian-bassdays.com\\\/en\\\/teachers\\\/teachers-2023\\\/\",\"url\":\"https:\\\/\\\/www.bavarian-bassdays.com\\\/en\\\/teachers\\\/teachers-2023\\\/\",\"name\":\"Teachers 2023 - Bavarian Bassdays 31. Oktober bis 02. November 2026\",\"isPartOf\":{\"@id\":\"https:\\\/\\\/www.bavarian-bassdays.com\\\/#website\"},\"datePublished\":\"2023-03-22T12:52:23+00:00\",\"dateModified\":\"2023-09-15T09:56:33+00:00\",\"description\":\"Meisterkurse\",\"breadcrumb\":{\"@id\":\"https:\\\/\\\/www.bavarian-bassdays.com\\\/en\\\/teachers\\\/teachers-2023\\\/#breadcrumb\"},\"inLanguage\":\"en-US\",\"potentialAction\":[{\"@type\":\"ReadAction\",\"target\":[\"https:\\\/\\\/www.bavarian-bassdays.com\\\/en\\\/teachers\\\/teachers-2023\\\/\"]}]},{\"@type\":\"BreadcrumbList\",\"@id\":\"https:\\\/\\\/www.bavarian-bassdays.com\\\/en\\\/teachers\\\/teachers-2023\\\/#breadcrumb\",\"itemListElement\":[{\"@type\":\"ListItem\",\"position\":1,\"name\":\"Startseite\",\"item\":\"https:\\\/\\\/www.bavarian-bassdays.com\\\/en\\\/\"},{\"@type\":\"ListItem\",\"position\":2,\"name\":\"Teachers\",\"item\":\"https:\\\/\\\/www.bavarian-bassdays.com\\\/en\\\/teachers\\\/\"},{\"@type\":\"ListItem\",\"position\":3,\"name\":\"Teachers 2023\"}]},{\"@type\":\"WebSite\",\"@id\":\"https:\\\/\\\/www.bavarian-bassdays.com\\\/#website\",\"url\":\"https:\\\/\\\/www.bavarian-bassdays.com\\\/\",\"name\":\"Bavarian Bassdays 07. \u2013 09. November 2025\",\"description\":\"Minibasskurse, Meisterkurse, E-Bassklassen, Amateurkurse, Konzerte\",\"publisher\":{\"@id\":\"https:\\\/\\\/www.bavarian-bassdays.com\\\/#organization\"},\"potentialAction\":[{\"@type\":\"SearchAction\",\"target\":{\"@type\":\"EntryPoint\",\"urlTemplate\":\"https:\\\/\\\/www.bavarian-bassdays.com\\\/?s={search_term_string}\"},\"query-input\":{\"@type\":\"PropertyValueSpecification\",\"valueRequired\":true,\"valueName\":\"search_term_string\"}}],\"inLanguage\":\"en-US\"},{\"@type\":\"Organization\",\"@id\":\"https:\\\/\\\/www.bavarian-bassdays.com\\\/#organization\",\"name\":\"Bavarian Bassdays\",\"url\":\"https:\\\/\\\/www.bavarian-bassdays.com\\\/\",\"logo\":{\"@type\":\"ImageObject\",\"inLanguage\":\"en-US\",\"@id\":\"https:\\\/\\\/www.bavarian-bassdays.com\\\/#\\\/schema\\\/logo\\\/image\\\/\",\"url\":\"https:\\\/\\\/www.bavarian-bassdays.com\\\/wp-content\\\/uploads\\\/2017\\\/04\\\/Logo.png\",\"contentUrl\":\"https:\\\/\\\/www.bavarian-bassdays.com\\\/wp-content\\\/uploads\\\/2017\\\/04\\\/Logo.png\",\"width\":1752,\"height\":444,\"caption\":\"Bavarian Bassdays\"},\"image\":{\"@id\":\"https:\\\/\\\/www.bavarian-bassdays.com\\\/#\\\/schema\\\/logo\\\/image\\\/\"},\"sameAs\":[\"https:\\\/\\\/www.facebook.com\\\/bavarianbassdays\"]}]}<\/script>\n<!-- \/ Yoast SEO plugin. -->","yoast_head_json":{"title":"Teachers 2023 - Bavarian Bassdays 31. Oktober bis 02. November 2026","description":"Meisterkurse","robots":{"index":"index","follow":"follow","max-snippet":"max-snippet:-1","max-image-preview":"max-image-preview:large","max-video-preview":"max-video-preview:-1"},"canonical":"https:\/\/www.bavarian-bassdays.com\/en\/teachers\/teachers-2023\/","og_locale":"en_US","og_type":"article","og_title":"Teachers 2023 - Bavarian Bassdays 31. Oktober bis 02. November 2026","og_description":"Meisterkurse","og_url":"https:\/\/www.bavarian-bassdays.com\/en\/teachers\/teachers-2023\/","og_site_name":"Bavarian Bassdays 31. Oktober bis 02. November 2026","article_publisher":"https:\/\/www.facebook.com\/bavarianbassdays","article_modified_time":"2023-09-15T09:56:33+00:00","og_image":[{"width":1440,"height":810,"url":"https:\/\/www.bavarian-bassdays.com\/wp-content\/uploads\/2023\/05\/IMG_20221030_134044.jpg","type":"image\/jpeg"}],"twitter_card":"summary_large_image","twitter_misc":{"Est. reading time":"11 minutes"},"schema":{"@context":"https:\/\/schema.org","@graph":[{"@type":"WebPage","@id":"https:\/\/www.bavarian-bassdays.com\/en\/teachers\/teachers-2023\/","url":"https:\/\/www.bavarian-bassdays.com\/en\/teachers\/teachers-2023\/","name":"Teachers 2023 - Bavarian Bassdays 31. Oktober bis 02. November 2026","isPartOf":{"@id":"https:\/\/www.bavarian-bassdays.com\/#website"},"datePublished":"2023-03-22T12:52:23+00:00","dateModified":"2023-09-15T09:56:33+00:00","description":"Meisterkurse","breadcrumb":{"@id":"https:\/\/www.bavarian-bassdays.com\/en\/teachers\/teachers-2023\/#breadcrumb"},"inLanguage":"en-US","potentialAction":[{"@type":"ReadAction","target":["https:\/\/www.bavarian-bassdays.com\/en\/teachers\/teachers-2023\/"]}]},{"@type":"BreadcrumbList","@id":"https:\/\/www.bavarian-bassdays.com\/en\/teachers\/teachers-2023\/#breadcrumb","itemListElement":[{"@type":"ListItem","position":1,"name":"Startseite","item":"https:\/\/www.bavarian-bassdays.com\/en\/"},{"@type":"ListItem","position":2,"name":"Teachers","item":"https:\/\/www.bavarian-bassdays.com\/en\/teachers\/"},{"@type":"ListItem","position":3,"name":"Teachers 2023"}]},{"@type":"WebSite","@id":"https:\/\/www.bavarian-bassdays.com\/#website","url":"https:\/\/www.bavarian-bassdays.com\/","name":"Bavarian Bassdays 07. \u2013 09. November 2025","description":"Minibasskurse, Meisterkurse, E-Bassklassen, Amateurkurse, Konzerte","publisher":{"@id":"https:\/\/www.bavarian-bassdays.com\/#organization"},"potentialAction":[{"@type":"SearchAction","target":{"@type":"EntryPoint","urlTemplate":"https:\/\/www.bavarian-bassdays.com\/?s={search_term_string}"},"query-input":{"@type":"PropertyValueSpecification","valueRequired":true,"valueName":"search_term_string"}}],"inLanguage":"en-US"},{"@type":"Organization","@id":"https:\/\/www.bavarian-bassdays.com\/#organization","name":"Bavarian Bassdays","url":"https:\/\/www.bavarian-bassdays.com\/","logo":{"@type":"ImageObject","inLanguage":"en-US","@id":"https:\/\/www.bavarian-bassdays.com\/#\/schema\/logo\/image\/","url":"https:\/\/www.bavarian-bassdays.com\/wp-content\/uploads\/2017\/04\/Logo.png","contentUrl":"https:\/\/www.bavarian-bassdays.com\/wp-content\/uploads\/2017\/04\/Logo.png","width":1752,"height":444,"caption":"Bavarian Bassdays"},"image":{"@id":"https:\/\/www.bavarian-bassdays.com\/#\/schema\/logo\/image\/"},"sameAs":["https:\/\/www.facebook.com\/bavarianbassdays"]}]}},"_links":{"self":[{"href":"https:\/\/www.bavarian-bassdays.com\/en\/wp-json\/wp\/v2\/pages\/6538","targetHints":{"allow":["GET"]}}],"collection":[{"href":"https:\/\/www.bavarian-bassdays.com\/en\/wp-json\/wp\/v2\/pages"}],"about":[{"href":"https:\/\/www.bavarian-bassdays.com\/en\/wp-json\/wp\/v2\/types\/page"}],"author":[{"embeddable":true,"href":"https:\/\/www.bavarian-bassdays.com\/en\/wp-json\/wp\/v2\/users\/2"}],"replies":[{"embeddable":true,"href":"https:\/\/www.bavarian-bassdays.com\/en\/wp-json\/wp\/v2\/comments?post=6538"}],"version-history":[{"count":21,"href":"https:\/\/www.bavarian-bassdays.com\/en\/wp-json\/wp\/v2\/pages\/6538\/revisions"}],"predecessor-version":[{"id":6856,"href":"https:\/\/www.bavarian-bassdays.com\/en\/wp-json\/wp\/v2\/pages\/6538\/revisions\/6856"}],"up":[{"embeddable":true,"href":"https:\/\/www.bavarian-bassdays.com\/en\/wp-json\/wp\/v2\/pages\/2995"}],"wp:attachment":[{"href":"https:\/\/www.bavarian-bassdays.com\/en\/wp-json\/wp\/v2\/media?parent=6538"}],"curies":[{"name":"wp","href":"https:\/\/api.w.org\/{rel}","templated":true}]}}